{"id":227,"date":"2022-08-03T15:56:48","date_gmt":"2022-08-03T18:56:48","guid":{"rendered":"http:\/\/eleicoespsicologia.org.br\/crp06\/ponto-de-apoio-a-votacao\/"},"modified":"2025-08-13T10:30:50","modified_gmt":"2025-08-13T13:30:50","slug":"ponto-de-apoio-a-votacao","status":"publish","type":"page","link":"https:\/\/eleicoespsicologia.org.br\/crp06\/ponto-de-apoio-a-votacao\/","title":{"rendered":"Ponto de apoio a vota\u00e7\u00e3o"},"content":{"rendered":"<p>As psic\u00f3logas com pend\u00eancias financeiras ou cadastrais dever\u00e3o comparecer aos Pontos de Apoio \u00e0 Vota\u00e7\u00e3o para<br \/>\n\tregularizar a situa\u00e7\u00e3o. Ao se tornar apta, a psic\u00f3loga deve acessar o site das elei\u00e7\u00f5es,<br \/>\n\twww.eleicoespsicologia.org.br, clicar na op\u00e7\u00e3o votar e em seguida no bot\u00e3o \u201cN\u00e3o tenho minha senha de vota\u00e7\u00e3o\u201d. De<br \/>\n\tposse da senha poder\u00e1 votar em dispositivo pr\u00f3prio ou nos computadores dispon\u00edveis nos Pontos de Apoio \u00e0 Vota\u00e7\u00e3o. \u00c9<br \/>\n\timportante ressaltar que as profissionais n\u00e3o s\u00e3o obrigadas a votar nos pontos disponibilizados pelos Conselhos<br \/>\n\tRegionais.\n<\/p>\n<figure class=\"wp-block-table is-style-stripes\">\n<table>\n<thead>\n<tr>\n<th>Ponto de apoio<\/th>\n<th>Endere\u00e7o<\/th>\n<th>Bairro<\/th>\n<th>Cidade<\/th>\n<th>CEP<\/th>\n<\/tr>\n<\/thead>\n<tbody>\n<tr>\n<td>\n\t\t\t\t\tSede\t\t\t\t<\/td>\n<td>\n\t\t\t\t\tRua Arruda Alvim, 89\t\t\t\t<\/td>\n<td>\n\t\t\t\t\tPinheiros\t\t\t\t<\/td>\n<td>\n\t\t\t\t\tS\u00e3o Paulo\/SP\t\t\t\t<\/td>\n<td>\n\t\t\t\t\t05.410-020\t\t\t\t<\/td>\n<\/tr>\n<tr>\n<td>\n\t\t\t\t\tAlto Tiet\u00ea\t\t\t\t<\/td>\n<td>\n\t\t\t\t\tCondom\u00ednio Helbor Concept Life, Office e Corporate &#8211; Av. Vereador Narciso Yague Guimar\u00e3es, n\u00ba 1145\t\t\t\t<\/td>\n<td>\n\t\t\t\t\tJardim Armenia\t\t\t\t<\/td>\n<td>\n\t\t\t\t\tMogi das Cruzes\/SP\t\t\t\t<\/td>\n<td>\n\t\t\t\t\t08.780-200\t\t\t\t<\/td>\n<\/tr>\n<tr>\n<td>\n\t\t\t\t\tAssis\t\t\t\t<\/td>\n<td>\n\t\t\t\t\tRua Angelo Bertoncini, 244\t\t\t\t<\/td>\n<td>\n\t\t\t\t\tCentro\t\t\t\t<\/td>\n<td>\n\t\t\t\t\tAssis\/SP\t\t\t\t<\/td>\n<td>\n\t\t\t\t\t19.814-904\t\t\t\t<\/td>\n<\/tr>\n<tr>\n<td>\n\t\t\t\t\tBaixada Santista e Vale do Ribeira\t\t\t\t<\/td>\n<td>\n\t\t\t\t\tRua Dr. Ces\u00e1rio Bastos, 26\t\t\t\t<\/td>\n<td>\n\t\t\t\t\tVila Belmiro\t\t\t\t<\/td>\n<td>\n\t\t\t\t\tSantos\/SP\t\t\t\t<\/td>\n<td>\n\t\t\t\t\t11.075-270\t\t\t\t<\/td>\n<\/tr>\n<tr>\n<td>\n\t\t\t\t\tBauru\t\t\t\t<\/td>\n<td>\n\t\t\t\t\tRua Albino T\u00e2mbara, 5-28\t\t\t\t<\/td>\n<td>\n\t\t\t\t\tVila Cidade Universit\u00e1ria\t\t\t\t<\/td>\n<td>\n\t\t\t\t\tBauru\/SP\t\t\t\t<\/td>\n<td>\n\t\t\t\t\t17.012-470\t\t\t\t<\/td>\n<\/tr>\n<tr>\n<td>\n\t\t\t\t\tCampinas\t\t\t\t<\/td>\n<td>\n\t\t\t\t\tRua Frei Manuel da Ressurrei\u00e7\u00e3o, 1251\t\t\t\t<\/td>\n<td>\n\t\t\t\t\tGuanabara\t\t\t\t<\/td>\n<td>\n\t\t\t\t\tCampinas\/SP\t\t\t\t<\/td>\n<td>\n\t\t\t\t\t13.073-221\t\t\t\t<\/td>\n<\/tr>\n<tr>\n<td>\n\t\t\t\t\tGrande ABC\t\t\t\t<\/td>\n<td>\n\t\t\t\t\tRua Almirante Tamandar\u00e9, 426\t\t\t\t<\/td>\n<td>\n\t\t\t\t\tJardim Bela Vista\t\t\t\t<\/td>\n<td>\n\t\t\t\t\tSanto Andr\u00e9\/SP\t\t\t\t<\/td>\n<td>\n\t\t\t\t\t09.040-040\t\t\t\t<\/td>\n<\/tr>\n<tr>\n<td>\n\t\t\t\t\tRibeir\u00e3o Preto\t\t\t\t<\/td>\n<td>\n\t\t\t\t\tRua Thomaz Nogueira Gaia, 168\t\t\t\t<\/td>\n<td>\n\t\t\t\t\tJardim Am\u00e9rica\t\t\t\t<\/td>\n<td>\n\t\t\t\t\tRibeir\u00e3o Preto\/SP\t\t\t\t<\/td>\n<td>\n\t\t\t\t\t14.020-290\t\t\t\t<\/td>\n<\/tr>\n<tr>\n<td>\n\t\t\t\t\tS\u00e3o Jos\u00e9 do Rio Preto\t\t\t\t<\/td>\n<td>\n\t\t\t\t\tRua Coronel Spinola de Castro, 3360 &#8211; Ed. Firenze &#8211; 2\u00ba andar &#8211; Bloco B &#8211; Sala 22\t\t\t\t<\/td>\n<td>\n\t\t\t\t\tCentro\t\t\t\t<\/td>\n<td>\n\t\t\t\t\tS\u00e3o Jos\u00e9 do Rio Preto\/SP\t\t\t\t<\/td>\n<td>\n\t\t\t\t\t15.015-500\t\t\t\t<\/td>\n<\/tr>\n<tr>\n<td>\n\t\t\t\t\tSorocaba\t\t\t\t<\/td>\n<td>\n\t\t\t\t\tRua Professora Ossis Salvestrini Mendes, 650\t\t\t\t<\/td>\n<td>\n\t\t\t\t\tJardim Santa Ros\u00e1lia\t\t\t\t<\/td>\n<td>\n\t\t\t\t\tSorocaba\/SP\t\t\t\t<\/td>\n<td>\n\t\t\t\t\t18.095-390\t\t\t\t<\/td>\n<\/tr>\n<tr>\n<td>\n\t\t\t\t\tVale do Para\u00edba e Litoral Norte\t\t\t\t<\/td>\n<td>\n\t\t\t\t\tRua Nancy Guisard Kehier, 25\t\t\t\t<\/td>\n<td>\n\t\t\t\t\tCentro\t\t\t\t<\/td>\n<td>\n\t\t\t\t\tTaubat\u00e9\/SP\t\t\t\t<\/td>\n<td>\n\t\t\t\t\t12.030-130\t\t\t\t<\/td>\n<\/tr>\n<\/tbody>\n<\/table>\n<\/figure>\n<p>\n\tO atendimento no Ponto de apoio a vota\u00e7\u00e3o ser\u00e1 realizado das 8 horas \u00e0s 17 horas entre os dias 23 e 27 de agosto de\t2022, respeitando o hor\u00e1rio local.<\/p>\n","protected":false},"excerpt":{"rendered":"<p>As psic\u00f3logas com pend\u00eancias financeiras ou cadastrais dever\u00e3o comparecer aos Pontos de Apoio \u00e0 Vota\u00e7\u00e3o para regularizar a situa\u00e7\u00e3o. Ao se tornar apta, a psic\u00f3loga deve acessar o site das elei\u00e7\u00f5es, www.eleicoespsicologia.org.br, clicar na op\u00e7\u00e3o votar e em seguida no bot\u00e3o \u201cN\u00e3o tenho minha senha de vota\u00e7\u00e3o\u201d. De posse da senha poder\u00e1 votar em dispositivo&#8230; <a class=\"moretag\" href=\"https:\/\/eleicoespsicologia.org.br\/crp06\/ponto-de-apoio-a-votacao\/\">Continue lendo <span class=\"screen-reader-text\">&#8220;Ponto de apoio a vota\u00e7\u00e3o&#8221;<\/span><\/a><\/p>\n","protected":false},"author":2,"featured_media":0,"parent":0,"menu_order":0,"comment_status":"closed","ping_status":"closed","template":"","meta":{"_acf_changed":false,"footnotes":""},"class_list":["post-227","page","type-page","status-publish","hentry"],"acf":[],"_links":{"self":[{"href":"https:\/\/eleicoespsicologia.org.br\/crp06\/wp-json\/wp\/v2\/pages\/227","targetHints":{"allow":["GET"]}}],"collection":[{"href":"https:\/\/eleicoespsicologia.org.br\/crp06\/wp-json\/wp\/v2\/pages"}],"about":[{"href":"https:\/\/eleicoespsicologia.org.br\/crp06\/wp-json\/wp\/v2\/types\/page"}],"author":[{"embeddable":true,"href":"https:\/\/eleicoespsicologia.org.br\/crp06\/wp-json\/wp\/v2\/users\/2"}],"replies":[{"embeddable":true,"href":"https:\/\/eleicoespsicologia.org.br\/crp06\/wp-json\/wp\/v2\/comments?post=227"}],"version-history":[{"count":1,"href":"https:\/\/eleicoespsicologia.org.br\/crp06\/wp-json\/wp\/v2\/pages\/227\/revisions"}],"predecessor-version":[{"id":246,"href":"https:\/\/eleicoespsicologia.org.br\/crp06\/wp-json\/wp\/v2\/pages\/227\/revisions\/246"}],"wp:attachment":[{"href":"https:\/\/eleicoespsicologia.org.br\/crp06\/wp-json\/wp\/v2\/media?parent=227"}],"curies":[{"name":"wp","href":"https:\/\/api.w.org\/{rel}","templated":true}]}}