{"id":59,"date":"2022-03-18T11:47:38","date_gmt":"2022-03-18T14:47:38","guid":{"rendered":"https:\/\/eleicoes.local\/crp08\/?page_id=59"},"modified":"2025-06-18T12:38:26","modified_gmt":"2025-06-18T15:38:26","slug":"chapas","status":"publish","type":"page","link":"https:\/\/eleicoespsicologia.org.br\/crp06\/chapas\/","title":{"rendered":"Chapas"},"content":{"rendered":"\n<p><strong>Chapa 11:<em> FRENTE EM DEFESA DA PSICOLOGIA<\/em><\/strong><\/p>\n\n\n\n<p><\/p>\n\n\n\n<b><a href=\"http:\/\/www.crpsp.org.br\/eleicoes2022\/documentos\/Divulga%C3%A7%C3%A3o%20-%20Chapa%2011.pdf\" target=\"_blank\" rel=\"noopener\">Conhe\u00e7a a Chapa 11 &#8211; Frente em Defesa da Psicologia<\/a><br><a href=\"http:\/\/www.crpsp.org.br\/eleicoes2022\/documentos\/Propostas%20-%20Chapa_Frente11.pdf\" target=\"_blank\" rel=\"noopener\">Acesse aqui as propostas<\/a><br>\n<a href=\"http:\/\/www.crpsp.org.br\/eleicoes2022\/documentos\/PERGUNTAS-PARA-A-CHAPA-11.pdf\" target=\"_blank\" rel=\"noopener\">Acesse aqui as respostas das perguntas enviadas \u00e0 Chapa durante o debate ocorrido no dia 21\/07\/2022<\/a>\n<br><br><\/b>\n\n\n\n<figure class=\"wp-block-table\"><table><tbody><tr><td><strong>CRP<\/strong><\/td><td><strong>NOME DO PROFISSIONAL<\/strong><\/td><td><strong>CARGO<\/strong><\/td><\/tr><tr><td>71781<\/td><td>TALITA FABIANO DE CARVALHO<\/td><td>Efetivo<\/td><\/tr><tr><td>55379<\/td><td>DREYF DE ASSIS GON\u00c7ALVES<\/td><td>Efetivo<\/td><\/tr><tr><td>66384<\/td><td>MAGNA BARBOZA DAMASCENO<\/td><td>Efetivo<\/td><\/tr><tr><td>86192<\/td><td>ANNIE LOUISE SABOYA PRADO<\/td><td>Efetivo<\/td><\/tr><tr><td>27810<\/td><td>LILIAN SUZUKI<\/td><td>Efetivo<\/td><\/tr><tr><td>142583<\/td><td>MURILO CENTRONE FERREIRA<\/td><td>Efetivo<\/td><\/tr><tr><td>47523<\/td><td>JANAINA DARLI DUARTE SIMAO<\/td><td>Efetivo<\/td><\/tr><tr><td>20583<\/td><td>MONICA CINTRAO FRAN\u00c7A RIBEIRO<\/td><td>Efetivo<\/td><\/tr><tr><td>94890<\/td><td>MARTA ELIANE DE LIMA<\/td><td>Efetivo<\/td><\/tr><tr><td>33194<\/td><td>MARIA DA GL\u00d3RIA CALADO<\/td><td>Efetivo<\/td><\/tr><tr><td>66501<\/td><td>LUCIANE DE ALMEIDA JABUR<\/td><td>Efetivo<\/td><\/tr><tr><td>27445<\/td><td>IONE APARECIDA XAVIER<\/td><td>Efetivo<\/td><\/tr><tr><td>97889<\/td><td>EDUARDO DE MENEZES PEDROSO<\/td><td>Efetivo<\/td><\/tr><tr><td>157432<\/td><td>CAMILA PRANDINI PRANDINI<\/td><td>Efetivo<\/td><\/tr><tr><td>141032<\/td><td>ANA TEREZA DA SILVA MARQUES<\/td><td>Efetivo<\/td><\/tr><tr><td>149012<\/td><td>GABRIELA ALVIM DE OLIVEIRA FREITAS<\/td><td>Suplente<\/td><\/tr><tr><td>94895<\/td><td>CAMILA ANDRADE DE OLIVEIRA<\/td><td>Suplente<\/td><\/tr><tr><td>124424<\/td><td>LEONARDO MAGGI GAMBATTO<\/td><td>Suplente<\/td><\/tr><tr><td>53258<\/td><td>WILSON FL\u00c1VIO LOUREN\u00c7O NOGUEIRA<\/td><td>Suplente<\/td><\/tr><tr><td>31093<\/td><td>VALERIA CAMPINAS BRAUNSTEIN<\/td><td>Suplente<\/td><\/tr><tr><td>83455<\/td><td>TAYN\u00c1 ALENCAR BERTI DE SOUZA<\/td><td>Suplente<\/td><\/tr><tr><td>12033<\/td><td>SONIA MARIA MOTINHO DA SILVA<\/td><td>Suplente<\/td><\/tr><tr><td>120511<\/td><td>MAYARA APARECIDA BONORA FREIRE<\/td><td>Suplente<\/td><\/tr><tr><td>45952<\/td><td>MARIA DA PIEDADE ROMEIRO DE ARAUJO MELO<\/td><td>Suplente<\/td><\/tr><tr><td>42535<\/td><td>IVANI TEIXEIRA MENDES<\/td><td>Suplente<\/td><\/tr><tr><td>136173<\/td><td>PAULA SEABRA MOREIRA RIBEIRO | Nome Social: CARU<\/td><td>Suplente<\/td><\/tr><tr><td>153775<\/td><td>CARLOS EDUARDO MENDES<\/td><td>Suplente<\/td><\/tr><tr><td>72980<\/td><td>GISELI DE F\u00c1TIMA ASSONI<\/td><td>Suplente<\/td><\/tr><tr><td>148611<\/td><td>FABIANA MACENA LUIZ<\/td><td>Suplente<\/td><\/tr><tr><td>118838<\/td><td>DAVI RODRIGUEZ RUIVO FERNANDES<\/td><td>Suplente<\/td><\/tr><\/tbody><\/table><\/figure>\n\n\n\n\n\n<p><br><strong>Chapa 12:<em> #ACORDAPSICOLOGIA-OPOSI\u00c7\u00c3O<\/em><\/strong><\/p>\n\n\n\n<b><a href=\"http:\/\/www.crpsp.org.br\/eleicoes2022\/documentos\/Divulga%C3%A7%C3%A3o%20CRP%20-%20Chapa%2012.pdf\" target=\"_blank\" rel=\"noreferrer noopener\">Conhe\u00e7a a Chapa 12 &#8211; Acorda Psicologia &#8211; Oposi\u00e7\u00e3o<\/a><br><a href=\"http:\/\/www.crpsp.org.br\/eleicoes2022\/documentos\/Propostas%20-%20Chapa%2012.pdf\" target=\"_blank\" rel=\"noreferrer noopener\">Acesse aqui as propostas<\/a><br><a href=\"http:\/\/www.crpsp.org.br\/eleicoes2022\/documentos\/PERGUNTAS-PARA-A-CHAPA-12.pdf\" target=\"_blank\" rel=\"noopener\">Acesse aqui as respostas das perguntas enviadas \u00e0 Chapa durante o debate ocorrido no dia 21\/07\/2022<\/a><br><br><\/b>\n\n\n\n<figure class=\"wp-block-table\"><table><tbody><tr><td><strong>CRP<\/strong><\/td><td><strong>NOME DO PROFISSIONAL<\/strong><\/td><td><strong>CARGO<\/strong><\/td><\/tr><tr><td>21315<\/td><td>RAFAEL MARMO<\/td><td>Efetivo<\/td><\/tr><tr><td>54174<\/td><td>JULIANA MARASCO<\/td><td>Efetivo<\/td><\/tr><tr><td>45890<\/td><td>LEONARDA DO VALE FEITOSA E CASTRO<\/td><td>Efetivo<\/td><\/tr><tr><td>7193<\/td><td>PAULA RENATA BALTHAZAR RODRIGUES DA SILVA<\/td><td>Efetivo<\/td><\/tr><tr><td>7132<\/td><td>LAERTE BUSTOS MORENO<\/td><td>Efetivo<\/td><\/tr><tr><td>23489<\/td><td>D\u00c9CIO PERRONI RIBEIRO FILHO<\/td><td>Efetivo<\/td><\/tr><tr><td>104134<\/td><td>PAULA BUZZATO GABRIEL<\/td><td>Efetivo<\/td><\/tr><tr><td>60094<\/td><td>PATR\u00cdCIA FLOREZI SIGNORI<\/td><td>Efetivo<\/td><\/tr><tr><td>39335<\/td><td>RENATA CRISTINA GON\u00c7ALVES DE SOUSA ZANUSSO<\/td><td>Efetivo<\/td><\/tr><tr><td>95488<\/td><td>VANESSA CRISTINA OLIVEIRA DOS SANTOS<\/td><td>Efetivo<\/td><\/tr><tr><td>92119<\/td><td>GRAYSON ALEXANDRE PORTELLA<\/td><td>Efetivo<\/td><\/tr><tr><td>13218<\/td><td>MARIA JOS\u00c9 MEDINA DA ROCHA BERTO<\/td><td>Efetivo<\/td><\/tr><tr><td>59971<\/td><td>LUCIMARA BASSI<\/td><td>Efetivo<\/td><\/tr><tr><td>14080<\/td><td>MILTON SABBAG JUNIOR<\/td><td>Efetivo<\/td><\/tr><tr><td>58592<\/td><td>FANNY RODRIGUES DE CARVALHO ARANHA<\/td><td>Efetivo<\/td><\/tr><tr><td>63800<\/td><td>LIA FR\u00c9<\/td><td>Suplente<\/td><\/tr><tr><td>126429<\/td><td>REINALDO JOS\u00c9 QUEIROZ DOS SANTOS<\/td><td>Suplente<\/td><\/tr><tr><td>97004<\/td><td>SERGIO JOSE DE MOURA<\/td><td>Suplente<\/td><\/tr><tr><td>103215<\/td><td>JESSE AR\u00c3O DE LIMA CRUZ<\/td><td>Suplente<\/td><\/tr><tr><td>97778<\/td><td>CIBELE RIBEIRO SOUZA<\/td><td>Suplente<\/td><\/tr><tr><td>15905<\/td><td>ESMERALDINA MARIA DE C COSTA<\/td><td>Suplente<\/td><\/tr><tr><td>150623<\/td><td>MAIARA MARQUES VIEIRA SANTOS<\/td><td>Suplente<\/td><\/tr><tr><td>8383<\/td><td>LOURDES DE FATIMA GENARO<\/td><td>Suplente<\/td><\/tr><tr><td>84458<\/td><td>CRISTIANE GARCIA DA COSTA ARMENTANO<\/td><td>Suplente<\/td><\/tr><tr><td>34604<\/td><td>F\u00c1TIMA FRAN\u00c7A<\/td><td>Suplente<\/td><\/tr><tr><td>57642<\/td><td>SIMONE ALVES JACINTHO DE MELLO<\/td><td>Suplente<\/td><\/tr><tr><td>20794<\/td><td>CLAUDIO GARCIA CAPIT\u00c3O<\/td><td>Suplente<\/td><\/tr><tr><td>56737<\/td><td>DANIELLI DO LAGO HYPPOLITO DE LIMA<\/td><td>Suplente<\/td><\/tr><tr><td>2120<\/td><td>DENISE TEIXEIRA KAISER<\/td><td>Suplente<\/td><\/tr><tr><td>10690<\/td><td>MARISA MINHOTO RODRIGUES DE MOURA<\/td><td>Suplente<\/td><\/tr><\/tbody><\/table><\/figure>\n\n\n","protected":false},"excerpt":{"rendered":"<p>Chapa 11: FRENTE EM DEFESA DA PSICOLOGIA Conhe\u00e7a a Chapa 11 &#8211; Frente em Defesa da PsicologiaAcesse aqui as propostas Acesse aqui as respostas das perguntas enviadas \u00e0 Chapa durante o debate ocorrido no dia 21\/07\/2022 CRP NOME DO PROFISSIONAL CARGO 71781 TALITA FABIANO DE CARVALHO Efetivo 55379 DREYF DE ASSIS GON\u00c7ALVES Efetivo 66384 MAGNA&#8230; <a class=\"moretag\" href=\"https:\/\/eleicoespsicologia.org.br\/crp06\/chapas\/\">Continue lendo <span class=\"screen-reader-text\">&#8220;Chapas&#8221;<\/span><\/a><\/p>\n","protected":false},"author":2,"featured_media":0,"parent":0,"menu_order":0,"comment_status":"closed","ping_status":"closed","template":"","meta":{"_acf_changed":false,"footnotes":""},"class_list":["post-59","page","type-page","status-publish","hentry"],"acf":[],"_links":{"self":[{"href":"https:\/\/eleicoespsicologia.org.br\/crp06\/wp-json\/wp\/v2\/pages\/59","targetHints":{"allow":["GET"]}}],"collection":[{"href":"https:\/\/eleicoespsicologia.org.br\/crp06\/wp-json\/wp\/v2\/pages"}],"about":[{"href":"https:\/\/eleicoespsicologia.org.br\/crp06\/wp-json\/wp\/v2\/types\/page"}],"author":[{"embeddable":true,"href":"https:\/\/eleicoespsicologia.org.br\/crp06\/wp-json\/wp\/v2\/users\/2"}],"replies":[{"embeddable":true,"href":"https:\/\/eleicoespsicologia.org.br\/crp06\/wp-json\/wp\/v2\/comments?post=59"}],"version-history":[{"count":13,"href":"https:\/\/eleicoespsicologia.org.br\/crp06\/wp-json\/wp\/v2\/pages\/59\/revisions"}],"predecessor-version":[{"id":234,"href":"https:\/\/eleicoespsicologia.org.br\/crp06\/wp-json\/wp\/v2\/pages\/59\/revisions\/234"}],"wp:attachment":[{"href":"https:\/\/eleicoespsicologia.org.br\/crp06\/wp-json\/wp\/v2\/media?parent=59"}],"curies":[{"name":"wp","href":"https:\/\/api.w.org\/{rel}","templated":true}]}}